{"version":"1.0","provider_name":"Fundaci\u00f3n INECO","provider_url":"https:\/\/www.fundacionineco.org\/en\/","title":"Dr. Fernando Torrente - Vocal - Fundaci\u00f3n INECO","type":"rich","width":600,"height":338,"html":"<blockquote class=\"wp-embedded-content\" data-secret=\"bwtNkcwktq\"><a href=\"https:\/\/www.fundacionineco.org\/en\/profesionales\/dr-fernando-torrente-vocal\/\">Dr. Fernando Torrente &#8211; Vocal<\/a><\/blockquote><iframe sandbox=\"allow-scripts\" security=\"restricted\" src=\"https:\/\/www.fundacionineco.org\/en\/profesionales\/dr-fernando-torrente-vocal\/embed\/#?secret=bwtNkcwktq\" width=\"600\" height=\"338\" title=\"&#8220;Dr. Fernando Torrente &#8211; Vocal&#8221; &#8212; Fundaci\u00f3n INECO\" data-secret=\"bwtNkcwktq\" frameborder=\"0\" marginwidth=\"0\" marginheight=\"0\" scrolling=\"no\" class=\"wp-embedded-content\"><\/iframe><script>\n\/*! This file is auto-generated *\/\n!function(d,l){\"use strict\";l.querySelector&&d.addEventListener&&\"undefined\"!=typeof URL&&(d.wp=d.wp||{},d.wp.receiveEmbedMessage||(d.wp.receiveEmbedMessage=function(e){var t=e.data;if((t||t.secret||t.message||t.value)&&!\/[^a-zA-Z0-9]\/.test(t.secret)){for(var s,r,n,a=l.querySelectorAll('iframe[data-secret=\"'+t.secret+'\"]'),o=l.querySelectorAll('blockquote[data-secret=\"'+t.secret+'\"]'),c=new RegExp(\"^https?:$\",\"i\"),i=0;i<o.length;i++)o[i].style.display=\"none\";for(i=0;i<a.length;i++)s=a[i],e.source===s.contentWindow&&(s.removeAttribute(\"style\"),\"height\"===t.message?(1e3<(r=parseInt(t.value,10))?r=1e3:~~r<200&&(r=200),s.height=r):\"link\"===t.message&&(r=new URL(s.getAttribute(\"src\")),n=new URL(t.value),c.test(n.protocol))&&n.host===r.host&&l.activeElement===s&&(d.top.location.href=t.value))}},d.addEventListener(\"message\",d.wp.receiveEmbedMessage,!1),l.addEventListener(\"DOMContentLoaded\",function(){for(var e,t,s=l.querySelectorAll(\"iframe.wp-embedded-content\"),r=0;r<s.length;r++)(t=(e=s[r]).getAttribute(\"data-secret\"))||(t=Math.random().toString(36).substring(2,12),e.src+=\"#?secret=\"+t,e.setAttribute(\"data-secret\",t)),e.contentWindow.postMessage({message:\"ready\",secret:t},\"*\")},!1)))}(window,document);\n\/\/# sourceURL=https:\/\/www.fundacionineco.org\/wp-includes\/js\/wp-embed.min.js\n<\/script>\n","thumbnail_url":"https:\/\/www.fundacionineco.org\/wp-content\/uploads\/WhatsApp-Image-2019-11-26-at-11.22.18.jpeg","thumbnail_width":957,"thumbnail_height":738,"description":"Se gradu\u00f3 como Licenciado en Psicolog\u00eda en la Universidad de Buenos Aires y realiz\u00f3\u00a0su doctorado acad\u00e9mico en Medicina en la Universidad Favaloro. Actualmente se\u00a0desempe\u00f1a como Director del Departamento de Psicoterapia Cognitiva de INECO. Sus\u00a0\u00e1reas de especializaci\u00f3n cl\u00ednica se enfocan en el tratamiento de los trastornos del\u00a0\u00e1nimo y del trastorno por d\u00e9ficit de atenci\u00f3n con hiperactividad &hellip; Continued"}